{"id":577,"date":"2014-05-05T17:27:40","date_gmt":"2014-05-05T15:27:40","guid":{"rendered":"http:\/\/coach-manager.fr\/?page_id=577"},"modified":"2014-05-05T17:27:40","modified_gmt":"2014-05-05T15:27:40","slug":"patick-bailleau","status":"publish","type":"page","link":"http:\/\/coach-manager.eu\/?page_id=577","title":{"rendered":"Patrick BAILLEAU"},"content":{"rendered":"<table style=\"height: 338px;\" width=\"656\">\n<tbody>\n<tr>\n<td><a href=\"http:\/\/coach-manager.eu\/wp-content\/uploads\/2014\/05\/pbailleau3.jpg\"><img loading=\"lazy\" decoding=\"async\" class=\"alignnone size-medium wp-image-578\" src=\"http:\/\/coach-manager.eu\/wp-content\/uploads\/2014\/05\/pbailleau3-246x300.jpg\" alt=\"pbailleau\" width=\"246\" height=\"300\" srcset=\"http:\/\/coach-manager.eu\/wp-content\/uploads\/2014\/05\/pbailleau3-246x300.jpg 246w, http:\/\/coach-manager.eu\/wp-content\/uploads\/2014\/05\/pbailleau3.jpg 400w\" sizes=\"auto, (max-width: 246px) 100vw, 246px\" \/><\/a><\/p>\n<p>Ecrire \u00e0 Patrick <a href=\"http:\/\/coach-manager.fr\/?p=1025\"><img loading=\"lazy\" decoding=\"async\" class=\"alignnone wp-image-959\" src=\"http:\/\/coach-manager.eu\/wp-content\/uploads\/2014\/05\/mail1001.png\" alt=\"mail100\" width=\"26\" height=\"20\" \/><\/a><\/td>\n<td><\/td>\n<td><strong>Patrick BAILLEAU\u00a0 <\/strong><\/p>\n<p><a href=\"http:\/\/coach-manager.eu\/wp-content\/uploads\/2014\/05\/pbcroissance1.jpg\"><img loading=\"lazy\" decoding=\"async\" class=\"alignnone size-full wp-image-783\" src=\"http:\/\/coach-manager.eu\/wp-content\/uploads\/2014\/05\/pbcroissance1.jpg\" alt=\"pbcroissance\" width=\"196\" height=\"54\" \/><\/a><\/p>\n<p><strong>PB Croissance <\/strong><strong><br \/>\n<\/strong>86 boulevard Carnot<br \/>\n59000 LILLE<br \/>\nT\u00e9l\u00e9phone : +33.(0)7.50.60.37.41<\/p>\n<p>&nbsp;<\/p>\n<p><strong>Organisme de formation :<\/strong><\/p>\n<p>d\u00e9claration d\u2019activit\u00e9 enregistr\u00e9e aupr\u00e8s du pr\u00e9fet de la r\u00e9gion Nord-Pas de Calais sous le num\u00e9ro 31 59 08173 59<\/td>\n<\/tr>\n<\/tbody>\n<\/table>\n<p>&nbsp;<\/p>\n<p><strong>\u00ab Il n\u2019est de permanent que le changement \u00bb H\u00e9raclite d\u2019Eph\u00e8se<\/strong><\/p>\n<p><strong>\u00ab La folie est de se comporter de la m\u00eame mani\u00e8re et d\u2019attendre un r\u00e9sultat diff\u00e9rent \u00bb Albert Einstein<\/strong><\/p>\n<hr \/>\n<p style=\"text-align: center;\"><strong>Formation, parcours :<\/strong><\/p>\n<p>&nbsp;<\/p>\n<p>Avec un dipl\u00f4me de \u00ab Gestion et Direction d\u2019entreprise \u00bb et une exp\u00e9rience de 25 ans de management et de marketing dans diff\u00e9rentes grandes entreprises, j\u2019ai acquis une solide exp\u00e9rience terrain dans la gestion des hommes et dans le d\u00e9veloppement commercial.<\/p>\n<p>Avec une formation de coach et une certification \u00e0 diff\u00e9rents outils d\u2019analyse comportementale, je suis aujourd&rsquo;hui capable d\u2019accompagner les chefs d&rsquo;entreprises de TPE et PME dans la d\u00e9finition de leur projet d\u2019entreprise, dans le management de leur organisation et dans leur d\u00e9veloppement individuel et commercial.<\/p>\n<hr \/>\n<p style=\"text-align: center;\"><strong>Principaux domaines d&rsquo;intervention &#8211; comp\u00e9tences cl\u00e9s :<\/strong><\/p>\n<p>&nbsp;<\/p>\n<p>Accompagnement et coaching de dirigeants, managers et de cadres responsables (prise de recul)<br \/>\nAccompagnement et coaching de comit\u00e9 de direction<br \/>\nCoaching des \u00e9quipes ou des organisations<\/p>\n<p>Augmentation de l\u2019efficacit\u00e9 des \u00e9quipes<br \/>\nImplication et motivation des collaborateurs<\/p>\n<p>D\u00e9veloppement commercial<br \/>\nAnimation d\u2019\u00e9quipes commerciales<br \/>\nRecrutement de commerciaux<\/p>\n<p>Management comportemental<br \/>\nTechniques de vente comportementales<\/p>\n<p>Entretien annuel d\u2019\u00e9valuation<br \/>\nPrise de parole en public<br \/>\nAnimation de r\u00e9unions<br \/>\nGestion du stress<br \/>\nAffirmation de soi<\/p>\n<hr \/>\n<p style=\"text-align: center;\"><br class=\"none\" \/><br \/>\n<strong>Quelques r\u00e9f\u00e9rences et exemples de missions effectu\u00e9es :<\/strong><\/p>\n<p>&nbsp;<\/p>\n<p>Accompagner un dirigeant dans la mise en place d\u2019un comit\u00e9 de direction et dans la d\u00e9l\u00e9gation de certaines de ses activit\u00e9s dans le but d\u2019avoir du temps pour d\u00e9velopper l\u2019entreprise sur de nouveaux march\u00e9s.<\/p>\n<p>Accompagner un dirigeant dans la gestion d\u2019un conflit latent avec un de ses collaborateurs et aplanir les difficult\u00e9s en mettant en place une communication diff\u00e9rente.<\/p>\n<p>Coacher un chef d\u2019entreprise pour qu\u2019il puisse \u00eatre plus \u00e0 l\u2019aise dans ses interventions publiques.<\/p>\n<p>Auditer une direction commerciale et aider \u00e0 construire une nouvelle strat\u00e9gie en d\u00e9ployant de nouveaux indicateurs .<br \/>\nAccompagner une \u00e9quipe commerciale vers de nouvelles fa\u00e7ons de travailler pour conqu\u00e9rir un plus grand nombre de clients.<\/p>\n<p>Former au management comportemental aussi bien des comit\u00e9s de direction que des managers op\u00e9rationnels pour une plus grande efficacit\u00e9 avec leurs \u00e9quipes.<\/p>\n<p>Former l\u2019ensemble des managers d\u2019une entreprise \u00e0 l\u2019entretien annuel d\u2019\u00e9valuation pour en faire un v\u00e9ritable acte de management.<\/p>\n<p>Patrick Bailleau est certifi\u00e9<br \/>\nSuccess Insights et Insights Discovery<\/p>\n<hr \/>\n<p style=\"text-align: center;\"><em><strong>R\u00e9seaux sociaux :<\/strong> <\/em><\/p>\n<p>&nbsp;<\/p>\n<p><a href=\"http:\/\/fr.viadeo.com\/fr\/profile\/patrick.bailleau\">Viadeo :<\/a> http:\/\/fr.viadeo.com\/fr\/profile\/patrick.bailleau<br \/>\n<a href=\"http:\/\/fr.linkedin.com\/pub\/patrick-bailleau\/10\/375\/2ba\">Linkedin :<\/a> http:\/\/fr.linkedin.com\/pub\/patrick-bailleau\/10\/375\/2ba<\/p>\n","protected":false},"excerpt":{"rendered":"<p>Ecrire \u00e0 Patrick Patrick BAILLEAU\u00a0 PB Croissance 86 boulevard Carnot 59000 LILLE T\u00e9l\u00e9phone : +33.(0)7.50.60.37.41 &nbsp; Organisme de formation : d\u00e9claration d\u2019activit\u00e9 enregistr\u00e9e aupr\u00e8s du pr\u00e9fet de la r\u00e9gion Nord-Pas de Calais sous le num\u00e9ro 31 59 08173 59 &nbsp; \u00ab Il n\u2019est de permanent que le changement \u00bb H\u00e9raclite<a href=\"http:\/\/coach-manager.eu\/?page_id=577\" class=\"read-more\">lire la suite&#8230;<\/a><\/p>\n","protected":false},"author":2,"featured_media":0,"parent":0,"menu_order":0,"comment_status":"open","ping_status":"open","template":"","meta":{"spay_email":"","footnotes":""},"class_list":["post-577","page","type-page","status-publish","hentry"],"jetpack_shortlink":"https:\/\/wp.me\/P5fxaG-9j","jetpack_sharing_enabled":true,"_links":{"self":[{"href":"http:\/\/coach-manager.eu\/index.php?rest_route=\/wp\/v2\/pages\/577","targetHints":{"allow":["GET"]}}],"collection":[{"href":"http:\/\/coach-manager.eu\/index.php?rest_route=\/wp\/v2\/pages"}],"about":[{"href":"http:\/\/coach-manager.eu\/index.php?rest_route=\/wp\/v2\/types\/page"}],"author":[{"embeddable":true,"href":"http:\/\/coach-manager.eu\/index.php?rest_route=\/wp\/v2\/users\/2"}],"replies":[{"embeddable":true,"href":"http:\/\/coach-manager.eu\/index.php?rest_route=%2Fwp%2Fv2%2Fcomments&post=577"}],"version-history":[{"count":0,"href":"http:\/\/coach-manager.eu\/index.php?rest_route=\/wp\/v2\/pages\/577\/revisions"}],"wp:attachment":[{"href":"http:\/\/coach-manager.eu\/index.php?rest_route=%2Fwp%2Fv2%2Fmedia&parent=577"}],"curies":[{"name":"wp","href":"https:\/\/api.w.org\/{rel}","templated":true}]}}